{"id":1762,"date":"2016-11-07T13:11:28","date_gmt":"2016-11-07T11:11:28","guid":{"rendered":"http:\/\/franco-tcheque-nantes.org\/?page_id=1762"},"modified":"2026-03-31T18:41:36","modified_gmt":"2026-03-31T16:41:36","slug":"lequipe-de-laftn","status":"publish","type":"page","link":"https:\/\/franco-tcheque-nantes.org\/?page_id=1762&lang=cs","title":{"rendered":"L&rsquo;\u00e9quipe de l&rsquo;AFTN"},"content":{"rendered":"<section id=\"builder-section-text_12\" class=\"builder-section-first builder-section builder-section-text builder-section-next-text has-background builder-text-columns-1\" style=\"background-color:#ededed;background-size: cover; background-repeat: no-repeat;background-position: center center;\">\n<div class=\"builder-section-content\">\n<div class=\"builder-text-row\">\n<div class=\"builder-text-column builder-text-column-1\" id=\"builder-section-text_12-column-1\">\n<div class=\"builder-text-content\">\n<h2 style=\"text-align: center;\"><span style=\"color: #113d7a;\">Bureau<\/span><\/h2>\n<hr class=\"ttfmake-hr\" style=\"border-style: solid; border-top-width: 1px;\">\n<h2 style=\"text-align: center;\"><span style=\"color: #113d7a;\">&nbsp;<\/span><\/h2>\n<\/p><\/div>\n<\/p><\/div>\n<\/p><\/div>\n<div class=\"builder-text-row\">\n<div class=\"builder-text-column builder-text-column-2\" id=\"builder-section-text_12-column-1\">\n<div class=\"builder-text-content\">\n<h3><a href=\"http:\/\/franco-tcheque-nantes.org\/wp-content\/uploads\/2024\/10\/Linda_AFTN-300x300-1.jpg\"><img loading=\"lazy\" decoding=\"async\" class=\"alignnone size-full wp-image-10534\" src=\"http:\/\/franco-tcheque-nantes.org\/wp-content\/uploads\/2024\/10\/Linda_AFTN-300x300-1.jpg\" alt=\"\" width=\"300\" height=\"300\" srcset=\"https:\/\/franco-tcheque-nantes.org\/wp-content\/uploads\/2024\/10\/Linda_AFTN-300x300-1.jpg 300w, https:\/\/franco-tcheque-nantes.org\/wp-content\/uploads\/2024\/10\/Linda_AFTN-300x300-1-150x150.jpg 150w\" sizes=\"auto, (max-width: 300px) 100vw, 300px\" \/><\/a><\/h3>\n<h3><span style=\"color: #ffffff;\"><span style=\"color: #113d7a;\">Linda Serandour<\/span><\/span><\/h3>\n<p><span style=\"color: #113d7a;\"><strong><em>pr\u00e9sidente, l&rsquo;organisatrice \u00e0 Klicek<\/em><\/strong><\/span><\/p>\n<p>Kontakt asso: <a href=\"mailto:assofrancotchequenantes@gmail.com\">assofrancotchequenantes@gmail.com<\/a><\/p>\n<p>Kontakt Klicek: <a href=\"mailto:ceskaskolanantes@gmail.com\">ceskaskolanantes@gmail.com<\/a><\/p>\n<\/p><\/div>\n<\/p><\/div>\n<\/p><\/div>\n<div class=\"builder-text-row\">\n<div class=\"builder-text-column builder-text-column-3\" id=\"builder-section-text_12-column-1\">\n<div class=\"builder-text-content\">\n<h3><a href=\"https:\/\/franco-tcheque-nantes.org\/?attachment_id=10592\" rel=\"attachment wp-att-10592\"><img loading=\"lazy\" decoding=\"async\" class=\"aligncenter size-medium wp-image-10592\" src=\"http:\/\/franco-tcheque-nantes.org\/wp-content\/uploads\/2026\/03\/Picture_Sarka-300x292.png\" alt=\"\" width=\"300\" height=\"292\" srcset=\"https:\/\/franco-tcheque-nantes.org\/wp-content\/uploads\/2026\/03\/Picture_Sarka-300x292.png 300w, https:\/\/franco-tcheque-nantes.org\/wp-content\/uploads\/2026\/03\/Picture_Sarka.png 431w\" sizes=\"auto, (max-width: 300px) 100vw, 300px\" \/><\/a><\/h3>\n<h3><span style=\"color: #ffffff;\"><span style=\"color: #113d7a;\">Sarka Leduc<\/span><\/span><\/h3>\n<p><span style=\"color: #113d7a;\"><strong><em>vice-pr\u00e9sidente, demandes de subventions<\/em><\/strong><\/span><\/p>\n<p>Contact asso: <a href=\"mailto:assofrancotchequenantes@gmail.com\">assofrancotchequenantes@gmail.com<\/a><\/p>\n<p>Contact Klicek: <a href=\"mailto:ceskaskolanantes@gmail.com\">ceskaskolanantes@gmail.com<\/a><\/p>\n<p>Vice-pr\u00e9sidente de l\u2019AFTN depuis 2023, \u0160\u00e1rka s\u2019est install\u00e9e en France en 2022, peu apr\u00e8s la naissance de son troisi\u00e8me fils. Originaire de N\u00e1chod, elle a \u00e9tudi\u00e9 \u00e0 Plze\u0148 avant de vivre dix ans \u00e0 Brno avec son mari fran\u00e7ais. Ensemble, ils ont choisi de s\u2019installer \u00e0 Nantes pour ouvrir un nouveau chapitre de leur vie.<\/p>\n<p>Comptable dans l\u2019industrie automobile, elle collabore notamment avec \u0160koda Auto et Volkswagen, deux marques qui ont une r\u00e9sonance personnelle pour elle, entre racines tch\u00e8ques et souvenirs de voyage \u00e0 travers les Am\u00e9riques.<\/p>\n<p>Attach\u00e9e \u00e0 la nature et aux animaux, sportive, cr\u00e9ative et spontan\u00e9e, elle appr\u00e9cie les activit\u00e9s manuelles et les moments simples partag\u00e9s avec ses enfants.<\/p>\n<\/p><\/div>\n<\/p><\/div>\n<\/p><\/div>\n<div class=\"builder-text-row\">\n<div class=\"builder-text-column builder-text-column-4\" id=\"builder-section-text_12-column-1\">\n<div class=\"builder-text-content\">\n<h3><a href=\"https:\/\/franco-tcheque-nantes.org\/?attachment_id=10590\" rel=\"attachment wp-att-10590\"><img loading=\"lazy\" decoding=\"async\" class=\"aligncenter size-medium wp-image-10590\" src=\"http:\/\/franco-tcheque-nantes.org\/wp-content\/uploads\/2026\/03\/Picture_Jana-300x300.png\" alt=\"\" width=\"300\" height=\"300\" srcset=\"https:\/\/franco-tcheque-nantes.org\/wp-content\/uploads\/2026\/03\/Picture_Jana-300x300.png 300w, https:\/\/franco-tcheque-nantes.org\/wp-content\/uploads\/2026\/03\/Picture_Jana-150x150.png 150w, https:\/\/franco-tcheque-nantes.org\/wp-content\/uploads\/2026\/03\/Picture_Jana.png 458w\" sizes=\"auto, (max-width: 300px) 100vw, 300px\" \/><\/a><\/h3>\n<h3><span style=\"color: #ffffff;\"><span style=\"color: #113d7a;\">Jana Whitechurch<\/span><\/span><\/h3>\n<p><span style=\"color: #113d7a;\"><b><i>secr\u00e9taire<\/i><\/b><\/span><strong><span style=\"color: #113d7a;\"><em>,\u00a0<\/em><\/span><\/strong><span style=\"color: #113d7a;\"><b><i>biblioth\u00e9caire<\/i><\/b><\/span><\/p>\n<p>Contact asso: <a href=\"mailto:assofrancotchequenantes@gmail.com\">assofrancotchequenantes@gmail.com<\/a>\u00a0<\/p>\n<p>Contact knihovna: <a href=\"mailto:biblio.tcheque.nantes@gmail.com\">biblio.tcheque.nantes@gmail.com<\/a><\/p>\n<p>Originaire de Prague et install\u00e9e en France depuis 20 ans, Jana Whitechurch est le pilier discret mais indispensable de l\u2019AFTN. Secr\u00e9taire depuis huit ans et membre active depuis 2015, elle veille avec pr\u00e9cision \u00e0 ce que notre association fonctionne dans le respect de toutes les r\u00e8gles. Elle alimente le site internet, organise les assembl\u00e9es g\u00e9n\u00e9rales et g\u00e8re avec passion notre biblioth\u00e8que.<\/p>\n<p>Ing\u00e9nieure et math\u00e9maticienne de formation, Jana met son sens de la logique et de l\u2019organisation au service de l\u2019association : gr\u00e2ce \u00e0 sa m\u00e9thode et \u00e0 sa rigueur, nos comptes, nos plannings et nos \u00e9v\u00e9nements restent toujours bien structur\u00e9s et fiables. Maman de deux enfants franco-tch\u00e8ques, Mathieu et Claire, elle r\u00e9ussit \u00e0 combiner vie de famille et engagement associatif avec une constance et une bonne humeur exemplaires. Sans elle, l\u2019AFTN ne tournerait tout simplement pas rond.<\/p>\n<\/p><\/div>\n<\/p><\/div>\n<\/p><\/div>\n<div class=\"builder-text-row\">\n<div class=\"builder-text-column builder-text-column-5\" id=\"builder-section-text_12-column-1\">\n<div class=\"builder-text-content\">\n<h3><a href=\"https:\/\/franco-tcheque-nantes.org\/?attachment_id=10591\" rel=\"attachment wp-att-10591\"><img loading=\"lazy\" decoding=\"async\" class=\"aligncenter size-medium wp-image-10591\" src=\"http:\/\/franco-tcheque-nantes.org\/wp-content\/uploads\/2026\/03\/Picture_Dana-300x300.png\" alt=\"\" width=\"300\" height=\"300\" srcset=\"https:\/\/franco-tcheque-nantes.org\/wp-content\/uploads\/2026\/03\/Picture_Dana-300x300.png 300w, https:\/\/franco-tcheque-nantes.org\/wp-content\/uploads\/2026\/03\/Picture_Dana-150x150.png 150w, https:\/\/franco-tcheque-nantes.org\/wp-content\/uploads\/2026\/03\/Picture_Dana.png 433w\" sizes=\"auto, (max-width: 300px) 100vw, 300px\" \/><\/a><\/h3>\n<h3><span style=\"color: #ffffff;\"><span style=\"color: #113d7a;\">Dana Samzun<\/span><\/span><\/h3>\n<p><span style=\"color: #113d7a;\"><b><i>tr\u00e9sori\u00e8re<\/i><\/b><\/span><\/p>\n<p>Contact asso: <a href=\"mailto:assofrancotchequenantes@gmail.com\">assofrancotchequenantes@gmail.com<\/a>\u00a0<\/p>\n<p>Dana Samzun est la co-tr\u00e9sori\u00e8re de notre l&rsquo;AFTN depuis de nombreuses ann\u00e9es. Depuis trois ans, elle coordonne \u00e9galement le groupe des plus jeunes enfants et assure la communication avec la Maison de Quartier Botti\u00e8re. Arriv\u00e9e en France il y a douze ans, c\u2019est \u00e0 Belle-\u00cele qu\u2019elle pose d\u2019abord ses valises, s\u00e9duite par le charme du lieu au point de s\u2019y installer durablement. Elle vit \u00e0 Nantes depuis 2014, o\u00f9 ses deux enfants, Todd et Emmy, vont \u00e0 l\u2019\u00e9cole tch\u00e8que Kl\u00ed\u010dek. Aide-soignante de profession, Dana trouve un v\u00e9ritable sens dans l\u2019accompagnement des personnes ayant besoin d\u2019aide.<\/p>\n<\/p><\/div>\n<\/p><\/div>\n<\/p><\/div>\n<div class=\"builder-text-row\">\n<div class=\"builder-text-column builder-text-column-6\" id=\"builder-section-text_12-column-1\">\n<div class=\"builder-text-content\">\n<h3><a href=\"https:\/\/franco-tcheque-nantes.org\/?attachment_id=10589\" rel=\"attachment wp-att-10589\"><img loading=\"lazy\" decoding=\"async\" class=\"aligncenter size-medium wp-image-10589\" src=\"http:\/\/franco-tcheque-nantes.org\/wp-content\/uploads\/2026\/03\/Picture_Sasa-300x300.png\" alt=\"\" width=\"300\" height=\"300\" srcset=\"https:\/\/franco-tcheque-nantes.org\/wp-content\/uploads\/2026\/03\/Picture_Sasa-300x300.png 300w, https:\/\/franco-tcheque-nantes.org\/wp-content\/uploads\/2026\/03\/Picture_Sasa-150x150.png 150w, https:\/\/franco-tcheque-nantes.org\/wp-content\/uploads\/2026\/03\/Picture_Sasa.png 444w\" sizes=\"auto, (max-width: 300px) 100vw, 300px\" \/><\/a><\/h3>\n<h3><span style=\"color: #ffffff;\"><span style=\"color: #113d7a;\">Alexandra Paulova<\/span><\/span><\/h3>\n<p><span style=\"color: #113d7a;\"><b><i>tr\u00e9sori\u00e8re<\/i><\/b><\/span><\/p>\n<p>Contact asso: <a href=\"mailto:assofrancotchequenantes@gmail.com\">assofrancotchequenantes@gmail.com<\/a>\u00a0<\/p>\n<p>Depuis 2018, Sa\u0161a est la tr\u00e9sori\u00e8re qui veille avec une rigueur exemplaire sur les comptes de notre association : banque, d\u00e9penses, suivi impeccable\u2026 rien ne lui \u00e9chappe. Son sens de l\u2019organisation et sa pr\u00e9cision en font un pilier fiable, toujours calme au milieu du chaos. Install\u00e9e en France depuis vingt ans, originaire de Plze\u0148, elle \u00e9l\u00e8ve trois enfants et travaille comme cheffe de projet \u2014 autant dire qu\u2019elle sait orchestrer les choses mieux que personne. Et malgr\u00e9 ce programme charg\u00e9, elle apporte toujours douceur, humour et bienveillance. On a beaucoup de chance de l\u2019avoir.<\/p>\n<\/p><\/div>\n<\/p><\/div>\n<\/p><\/div>\n<\/p><\/div>\n<\/section>\n<section id=\"builder-section-text_38\" class=\"builder-section-prev-text builder-section builder-section-text builder-section-next-text has-background builder-text-columns-1\" style=\"background-color:#ffffff;background-size: cover; background-repeat: no-repeat;background-position: center center;\">\n<div class=\"builder-section-content\">\n<div class=\"builder-text-row\">\n<div class=\"builder-text-column builder-text-column-1\" id=\"builder-section-text_38-column-1\">\n<div class=\"builder-text-content\">\n<h2 style=\"text-align: center;\"><span style=\"color: #113d7a;\">Les members actifs<\/span><\/h2>\n<hr class=\"ttfmake-hr\" style=\"border-style: solid; border-top-width: 1px;\">\n<h2 style=\"text-align: center;\"><span style=\"color: #113d7a;\">&nbsp;<\/span><\/h2>\n<\/p><\/div>\n<\/p><\/div>\n<\/p><\/div>\n<div class=\"builder-text-row\">\n<div class=\"builder-text-column builder-text-column-2\" id=\"builder-section-text_38-column-1\">\n<div class=\"builder-text-content\">\n<h3><span style=\"color: #113d7a;\">Formatrices des cours de la langue tch\u00e8que 2025\/2026<\/span><\/h3>\n<p>Anezka Bihan, Marketa Vopelkova<\/p>\n<p>Kontakt kurzy: <a href=\"mailto:coursdetcheque.aftn@gmail.com\">coursdetcheque.aftn@gmail.com<\/a><\/p>\n<\/p><\/div>\n<\/p><\/div>\n<\/p><\/div>\n<\/p><\/div>\n<\/section>\n<section id=\"builder-section-text_64\" class=\"builder-section-prev-text builder-section builder-section-text builder-section-last has-background builder-text-columns-1\" style=\"background-color:#ededed;background-size: cover; background-repeat: no-repeat;background-position: center center;\">\n<div class=\"builder-section-content\">\n<div class=\"builder-text-row\">\n<div class=\"builder-text-column builder-text-column-1\" id=\"builder-section-text_64-column-1\">\n<div class=\"builder-text-content\">\n<h2 style=\"text-align: center;\"><span style=\"color: #113d7a;\">Les members inctifs<\/span><\/h2>\n<hr class=\"ttfmake-hr\" style=\"border-style: solid; border-top-width: 1px;\">\n<h2 style=\"text-align: center;\"><span style=\"color: #113d7a;\">&nbsp;<\/span><\/h2>\n<\/p><\/div>\n<\/p><\/div>\n<\/p><\/div>\n<div class=\"builder-text-row\">\n<div class=\"builder-text-column builder-text-column-2\" id=\"builder-section-text_64-column-1\">\n<div class=\"builder-text-content\">\n<h3><span style=\"color: #ffffff;\"><a href=\"http:\/\/franco-tcheque-nantes.org\/?attachment_id=9976\" rel=\"attachment wp-att-9976\"><img loading=\"lazy\" decoding=\"async\" class=\"alignleft wp-image-9976\" src=\"http:\/\/franco-tcheque-nantes.org\/wp-content\/uploads\/2016\/11\/Peta-cb240x240-300x300.jpg\" alt=\"\" width=\"240\" height=\"241\" srcset=\"https:\/\/franco-tcheque-nantes.org\/wp-content\/uploads\/2016\/11\/Peta-cb240x240-300x300.jpg 300w, https:\/\/franco-tcheque-nantes.org\/wp-content\/uploads\/2016\/11\/Peta-cb240x240-150x150.jpg 150w, https:\/\/franco-tcheque-nantes.org\/wp-content\/uploads\/2016\/11\/Peta-cb240x240.jpg 333w\" sizes=\"auto, (max-width: 240px) 100vw, 240px\" \/><\/a><span style=\"color: #113d7a;\">Petra Bezou\u0161kov\u00e1<\/span><\/span><\/h3>\n<p><span style=\"color: #113d7a;\"><em>membre de conseil d&rsquo;administrqtion, formatrice de tch\u00e8que, projets de film<\/em><\/span><\/p>\n<p><span style=\"color: #000000;\">Etudiante en M\u00e9diation culturelle et Communication internationale \u00e0 l\u00b4universit\u00e9 de Nantes, membre de l\u00b4\u00e9quipe RENTeGO, compagnie qui loue des appartements \u00e0 Prague. Amoureuse de la France, de l\u00b4Italie, et des ann\u00e9es 50\u00b4. Eternelle d\u00e9butante en couture. Donne des cours de tch\u00e8que pour l\u00b4Association franco-tch\u00e8que de Nantes et aide \u00e0 l\u00b4organisation des \u00e9v\u00e9nements culturels de l\u00b4association.<\/span><\/p>\n<\/p><\/div>\n<\/p><\/div>\n<\/p><\/div>\n<div class=\"builder-text-row\">\n<div class=\"builder-text-column builder-text-column-3\" id=\"builder-section-text_64-column-1\">\n<div class=\"builder-text-content\">\n<h3><span style=\"color: #ffffff;\"><a href=\"http:\/\/franco-tcheque-nantes.org\/?attachment_id=9977\" rel=\"attachment wp-att-9977\"><img loading=\"lazy\" decoding=\"async\" class=\"alignleft wp-image-9977\" src=\"http:\/\/franco-tcheque-nantes.org\/wp-content\/uploads\/2016\/11\/Klara-CB240x240-300x300.jpg\" alt=\"\" width=\"240\" height=\"240\" srcset=\"https:\/\/franco-tcheque-nantes.org\/wp-content\/uploads\/2016\/11\/Klara-CB240x240-300x300.jpg 300w, https:\/\/franco-tcheque-nantes.org\/wp-content\/uploads\/2016\/11\/Klara-CB240x240-150x150.jpg 150w, https:\/\/franco-tcheque-nantes.org\/wp-content\/uploads\/2016\/11\/Klara-CB240x240-768x768.jpg 768w, https:\/\/franco-tcheque-nantes.org\/wp-content\/uploads\/2016\/11\/Klara-CB240x240-1024x1024.jpg 1024w, https:\/\/franco-tcheque-nantes.org\/wp-content\/uploads\/2016\/11\/Klara-CB240x240.jpg 1856w\" sizes=\"auto, (max-width: 240px) 100vw, 240px\" \/><\/a><span style=\"color: #113d7a;\">Kl\u00e1ra Schindlerov\u00e1<\/span><\/span><\/h3>\n<p><span style=\"color: #113d7a;\"><em>membre deconseil d&rsquo;administration, formatrice de la langue tch\u00e8que<\/em><\/span><\/p>\n<p><span style=\"color: #000000;\">Kl\u00e1ra est \u00e9tudiante en Sciences de l\u00b4\u00e9ducation \u00e0 Prague et de l&rsquo;Histoire \u00e0 Nantes. Elle esp\u00e8re de devenir une enseignante. Elle est tomb\u00e9e amoureuse de Nantes il y a a peu pr\u00e8s deux ans et depuis elle l\u00b4aime de plus en plus. Elle est membre de l\u00b4Association Franco-Tch\u00e8que pour pouvoir \u00e9changer avec d\u00b4autres Tch\u00e8ques, rester en contact avec son pays d\u00b4origine et rencontrer des gens int\u00e9ressants. Les cours de tch\u00e8que sont pour elle une possibilit\u00e9 unique de transmettre quelque chose de sa langue ainsi que de sa culture. Elle adore danser, lire et faire de la cuisine \ud83d\ude42<\/span><\/p>\n<\/p><\/div>\n<\/p><\/div>\n<\/p><\/div>\n<div class=\"builder-text-row\">\n<div class=\"builder-text-column builder-text-column-4\" id=\"builder-section-text_64-column-1\">\n<div class=\"builder-text-content\">\n<h3 style=\"text-align: center;\">Daniela Pasekov\u00e1<\/h3>\n<h3 style=\"text-align: center;\">Daniela Grohov\u00e1<\/h3>\n<h3 style=\"text-align: center;\">Barbora Val\u00e1\u0161kov\u00e1<\/h3>\n<h3 style=\"text-align: center;\">Olga \u0160\u00edmov\u00e1<\/h3>\n<\/p><\/div>\n<\/p><\/div>\n<\/p><\/div>\n<\/p><\/div>\n<\/section>\n","protected":false},"excerpt":{"rendered":"<p>Bureau &nbsp; Linda Serandour pr\u00e9sidente, l&rsquo;organisatrice \u00e0 Klicek Kontakt asso: assofrancotchequenantes@gmail.com Kontakt Klicek: ceskaskolanantes@gmail.com Sarka Leduc vice-pr\u00e9sidente, demandes de subventions Contact asso: assofrancotchequenantes@gmail.com Contact Klicek: ceskaskolanantes@gmail.com Vice-pr\u00e9sidente de l\u2019AFTN depuis 2023, \u0160\u00e1rka s\u2019est install\u00e9e en France en 2022, peu apr\u00e8s la naissance de son troisi\u00e8me fils. Originaire de N\u00e1chod, elle a \u00e9tudi\u00e9 \u00e0 Plze\u0148 avant &hellip;<\/p>\n","protected":false},"author":1,"featured_media":0,"parent":0,"menu_order":0,"comment_status":"closed","ping_status":"closed","template":"template-builder.php","meta":{"footnotes":""},"class_list":["post-1762","page","type-page","status-publish","hentry"],"_links":{"self":[{"href":"https:\/\/franco-tcheque-nantes.org\/index.php?rest_route=\/wp\/v2\/pages\/1762","targetHints":{"allow":["GET"]}}],"collection":[{"href":"https:\/\/franco-tcheque-nantes.org\/index.php?rest_route=\/wp\/v2\/pages"}],"about":[{"href":"https:\/\/franco-tcheque-nantes.org\/index.php?rest_route=\/wp\/v2\/types\/page"}],"author":[{"embeddable":true,"href":"https:\/\/franco-tcheque-nantes.org\/index.php?rest_route=\/wp\/v2\/users\/1"}],"replies":[{"embeddable":true,"href":"https:\/\/franco-tcheque-nantes.org\/index.php?rest_route=%2Fwp%2Fv2%2Fcomments&post=1762"}],"version-history":[{"count":22,"href":"https:\/\/franco-tcheque-nantes.org\/index.php?rest_route=\/wp\/v2\/pages\/1762\/revisions"}],"predecessor-version":[{"id":10602,"href":"https:\/\/franco-tcheque-nantes.org\/index.php?rest_route=\/wp\/v2\/pages\/1762\/revisions\/10602"}],"wp:attachment":[{"href":"https:\/\/franco-tcheque-nantes.org\/index.php?rest_route=%2Fwp%2Fv2%2Fmedia&parent=1762"}],"curies":[{"name":"wp","href":"https:\/\/api.w.org\/{rel}","templated":true}]}}