{"id":396,"date":"2016-01-10T11:46:40","date_gmt":"2016-01-10T09:46:40","guid":{"rendered":"http:\/\/franco-tcheque-nantes.org\/?page_id=396"},"modified":"2017-12-22T17:00:51","modified_gmt":"2017-12-22T15:00:51","slug":"presentation","status":"publish","type":"page","link":"https:\/\/franco-tcheque-nantes.org\/?page_id=396&lang=cs","title":{"rendered":"Pr\u00e9sentation de l&rsquo;AFTN"},"content":{"rendered":"<p><span style=\"font-weight: 400;\">L\u2019Association franco-tch\u00e8que de Nantes (AFTN) a \u00e9t\u00e9 cr\u00e9\u00e9e en mai 2014. C\u2019est une association<\/span><span style=\"font-weight: 400;\">&nbsp;ind\u00e9pendante, apolitique et la\u00efque. Son objectif est de cr\u00e9\u00e9er et de d\u00e9velopper des relations et des \u00e9changes entre la France et la R\u00e9publique tch\u00e8que.<\/span><\/p>\n<hr>\n<h2 style=\"text-align: center;\"><span style=\"color: #113d7a;\">L\u2018Association franco-tch\u00e8que de Nantes<\/span><\/h2>\n<ul>\n<li style=\"font-weight: 400;\"><span style=\"font-weight: 400;\">A pour objectif de <\/span><span style=\"font-weight: 400;\">pr\u00e9senter, d\u00e9velopper et soutenir<\/span><span style=\"font-weight: 400;\"> la culture tch\u00e8que dans les r\u00e9gions Pays de la Loire et Bretagne<\/span><\/li>\n<li style=\"font-weight: 400;\"><span style=\"font-weight: 400;\">Organise des cours de tch\u00e8que \u2013 langue \u00e9trang\u00e8re dans le but de pr\u00e9senter aux participants la culture tch\u00e8que et la richesse de la langue tch\u00e8que <\/span><\/li>\n<li style=\"font-weight: 400;\"><span style=\"font-weight: 400;\">Permet aux Tch\u00e8ques r\u00e9sidant temporairement ou durablement en France de rester en contact avec la culture tch\u00e8que et leur racines<\/span><\/li>\n<li style=\"font-weight: 400;\"><span style=\"font-weight: 400;\">Permet aux enfants issus des couples franco-tch\u00e8ques de passer du temps ensemble et de &nbsp;d\u00e9couvrir leur racines tch\u00e8ques, &nbsp;et leur donne ainsi la possibilit\u00e9 de parler tch\u00e8que entre eux et de cr\u00e9er et de maintenir les liens avec la culture tch\u00e8que<\/span><\/li>\n<li style=\"font-weight: 400;\"><span style=\"font-weight: 400;\">Facilite l\u2019int\u00e9gration &nbsp;et l\u2019orientation dans les d\u00e9marches administratives des Tch\u00e8ques arrivant \u00e0 Nantes et sa r\u00e9gion <\/span><\/li>\n<\/ul>\n<p><span style=\"font-weight: 400;\">\u2026et tout cela dans un esprit convivial !<\/span><\/p>\n<hr>\n<h3 style=\"text-align: center;\"><span style=\"color: #113d7a;\">Nous r\u00e9alisons ces objectifs \u00e0 travers les activit\u00e9s suivantes<\/span><\/h3>\n<ul>\n<li style=\"font-weight: 400;\"><span style=\"font-weight: 400;\">Cours de tch\u00e8que pour d\u00e9butants et avanc\u00e9s<\/span><\/li>\n<li style=\"font-weight: 400;\"><span style=\"font-weight: 400;\">Club pour enfants mettant l\u2019accent sur l\u2019apprentissage de la langue tch\u00e8que<\/span><\/li>\n<li style=\"font-weight: 400;\"><span style=\"font-weight: 400;\">Cours de cuisine tch\u00e8que \u2013 recettes de la cuisine tch\u00e8que et fran\u00e7aise (\u00e9change culturel)<\/span><\/li>\n<li style=\"font-weight: 400;\"><span style=\"font-weight: 400;\">Ouverture d\u2019une biblioth\u00e8que tch\u00e8que \u00e0 Nantes (\u00e0 ce jour environ 300 livres et p\u00e9riodiques, supports audio et vid\u00e9o)<\/span><\/li>\n<li style=\"font-weight: 400;\"><span style=\"font-weight: 400;\">Soir\u00e9es \u00e0 th\u00e8me li\u00e9es avec la pr\u00e9sentation de la cr\u00e9ation litt\u00e9raire tch\u00e8que <\/span><\/li>\n<li style=\"font-weight: 400;\"><span style=\"font-weight: 400;\">Rencontres \u00e0 th\u00e8me autour des coutumes et des traditions, journ\u00e9es internationales (des enfants, des oiseaux, de la langue maternelle\u2026), organisation d\u2018ateliers cr\u00e9atifs inspir\u00e9s par des cr\u00e9ateurs tch\u00e8ques pr\u00e9sentant diverses techniques artistiques (film d\u2019animation, linogravure\u2026)<\/span><\/li>\n<li style=\"font-weight: 400;\"><span style=\"font-weight: 400;\">Cycle de soir\u00e9es \u201eLes Tch\u00e8ques qui voyagent\u201c <\/span><\/li>\n<\/ul>\n<p><span style=\"font-weight: 400;\">Notre objectif principal est de permettre aux Tch\u00e8ques de rester en contact avec leur culture d\u2019origine, de permettre son brassage actif et cr\u00e9atif avec la culture fran\u00e7aise, et de s\u2019inspirer ainsi mutuellement dans le cadre du dialogue culturel franco-tch\u00e8que.<\/span><\/p>\n<p><span style=\"font-weight: 400;\">Nos statuts : Association Loi 1901 <\/span><\/p>\n","protected":false},"excerpt":{"rendered":"<p>L\u2019Association franco-tch\u00e8que de Nantes (AFTN) a \u00e9t\u00e9 cr\u00e9\u00e9e en mai 2014. C\u2019est une association&nbsp;ind\u00e9pendante, apolitique et la\u00efque. Son objectif est de cr\u00e9\u00e9er et de d\u00e9velopper des relations et des \u00e9changes entre la France et la R\u00e9publique tch\u00e8que. L\u2018Association franco-tch\u00e8que de Nantes A pour objectif de pr\u00e9senter, d\u00e9velopper et soutenir la culture tch\u00e8que dans les r\u00e9gions &hellip;<\/p>\n","protected":false},"author":1,"featured_media":0,"parent":0,"menu_order":0,"comment_status":"closed","ping_status":"closed","template":"","meta":{"footnotes":""},"class_list":["post-396","page","type-page","status-publish","hentry"],"_links":{"self":[{"href":"https:\/\/franco-tcheque-nantes.org\/index.php?rest_route=\/wp\/v2\/pages\/396","targetHints":{"allow":["GET"]}}],"collection":[{"href":"https:\/\/franco-tcheque-nantes.org\/index.php?rest_route=\/wp\/v2\/pages"}],"about":[{"href":"https:\/\/franco-tcheque-nantes.org\/index.php?rest_route=\/wp\/v2\/types\/page"}],"author":[{"embeddable":true,"href":"https:\/\/franco-tcheque-nantes.org\/index.php?rest_route=\/wp\/v2\/users\/1"}],"replies":[{"embeddable":true,"href":"https:\/\/franco-tcheque-nantes.org\/index.php?rest_route=%2Fwp%2Fv2%2Fcomments&post=396"}],"version-history":[{"count":21,"href":"https:\/\/franco-tcheque-nantes.org\/index.php?rest_route=\/wp\/v2\/pages\/396\/revisions"}],"predecessor-version":[{"id":10220,"href":"https:\/\/franco-tcheque-nantes.org\/index.php?rest_route=\/wp\/v2\/pages\/396\/revisions\/10220"}],"wp:attachment":[{"href":"https:\/\/franco-tcheque-nantes.org\/index.php?rest_route=%2Fwp%2Fv2%2Fmedia&parent=396"}],"curies":[{"name":"wp","href":"https:\/\/api.w.org\/{rel}","templated":true}]}}